{"id":1655,"date":"2025-12-30T22:51:56","date_gmt":"2025-12-30T22:51:56","guid":{"rendered":"https:\/\/observatoriominero.cl\/?page_id=1655"},"modified":"2026-04-10T18:50:20","modified_gmt":"2026-04-10T18:50:20","slug":"quienes-somos","status":"publish","type":"page","link":"https:\/\/observatoriominero.cl\/index.php\/quienes-somos\/","title":{"rendered":"Quienes Somos"},"content":{"rendered":"\t\t<div data-elementor-type=\"wp-page\" data-elementor-id=\"1655\" class=\"elementor elementor-1655\" data-elementor-post-type=\"page\">\n\t\t\t\t\t\t<section class=\"elementor-section elementor-top-section elementor-element elementor-element-15f0f8c3 elementor-section-boxed elementor-section-height-default elementor-section-height-default\" data-id=\"15f0f8c3\" data-element_type=\"section\" data-settings=\"{&quot;background_background&quot;:&quot;classic&quot;}\">\n\t\t\t\t\t\t<div class=\"elementor-container elementor-column-gap-default\">\n\t\t\t\t\t<div class=\"elementor-column elementor-col-100 elementor-top-column elementor-element elementor-element-4f54486b\" data-id=\"4f54486b\" data-element_type=\"column\">\n\t\t\t<div class=\"elementor-widget-wrap elementor-element-populated\">\n\t\t\t\t\t\t<div class=\"elementor-element elementor-element-418f19f elementor-widget elementor-widget-heading\" data-id=\"418f19f\" data-element_type=\"widget\" data-widget_type=\"heading.default\">\n\t\t\t\t\t<h2 class=\"elementor-heading-title elementor-size-default\">Quienes Somos<\/h2>\t\t\t\t<\/div>\n\t\t\t\t<div class=\"elementor-element elementor-element-388f3ae0 elementor-widget elementor-widget-text-editor\" data-id=\"388f3ae0\" data-element_type=\"widget\" data-widget_type=\"text-editor.default\">\n\t\t\t\t\t\t\t\t\t<p>Bienvenidas y bienvenidos a <em>observatoriominero.cl<\/em><\/p><p><strong>Espacio digital donde la memoria viva se comparte, las decisiones se construyen con sentido y el futuro se proyecta juntos.<\/strong><\/p>\t\t\t\t\t\t\t\t<\/div>\n\t\t\t\t\t<\/div>\n\t\t<\/div>\n\t\t\t\t\t<\/div>\n\t\t<\/section>\n\t\t\t\t<section class=\"elementor-section elementor-top-section elementor-element elementor-element-d4efb49 elementor-section-boxed elementor-section-height-default elementor-section-height-default\" data-id=\"d4efb49\" data-element_type=\"section\">\n\t\t\t\t\t\t<div class=\"elementor-container elementor-column-gap-default\">\n\t\t\t\t\t<div class=\"elementor-column elementor-col-50 elementor-top-column elementor-element elementor-element-3d93216c\" data-id=\"3d93216c\" data-element_type=\"column\">\n\t\t\t<div class=\"elementor-widget-wrap elementor-element-populated\">\n\t\t\t\t\t\t<div class=\"elementor-element elementor-element-cbb0961 elementor-widget elementor-widget-image\" data-id=\"cbb0961\" data-element_type=\"widget\" data-widget_type=\"image.default\">\n\t\t\t\t\t\t\t\t\t\t\t\t\t\t\t<img fetchpriority=\"high\" decoding=\"async\" width=\"720\" height=\"540\" src=\"https:\/\/observatoriominero.cl\/wp-content\/uploads\/2026\/03\/imagen_socios.jpg\" class=\"attachment-full size-full wp-image-1909\" alt=\"\" srcset=\"https:\/\/observatoriominero.cl\/wp-content\/uploads\/2026\/03\/imagen_socios.jpg 720w, https:\/\/observatoriominero.cl\/wp-content\/uploads\/2026\/03\/imagen_socios-300x225.jpg 300w\" sizes=\"(max-width: 720px) 100vw, 720px\" \/>\t\t\t\t\t\t\t\t\t\t\t\t\t\t\t<\/div>\n\t\t\t\t\t<\/div>\n\t\t<\/div>\n\t\t\t\t<div class=\"elementor-column elementor-col-50 elementor-top-column elementor-element elementor-element-30f2a285\" data-id=\"30f2a285\" data-element_type=\"column\">\n\t\t\t<div class=\"elementor-widget-wrap elementor-element-populated\">\n\t\t\t\t\t\t<section class=\"elementor-section elementor-inner-section elementor-element elementor-element-57387d85 elementor-section-boxed elementor-section-height-default elementor-section-height-default\" data-id=\"57387d85\" data-element_type=\"section\">\n\t\t\t\t\t\t<div class=\"elementor-container elementor-column-gap-no\">\n\t\t\t\t\t<div class=\"elementor-column elementor-col-100 elementor-inner-column elementor-element elementor-element-a5ee403\" data-id=\"a5ee403\" data-element_type=\"column\" data-settings=\"{&quot;background_background&quot;:&quot;classic&quot;}\">\n\t\t\t<div class=\"elementor-widget-wrap elementor-element-populated\">\n\t\t\t\t\t\t<div class=\"elementor-element elementor-element-4c7bbbe3 elementor-widget elementor-widget-heading\" data-id=\"4c7bbbe3\" data-element_type=\"widget\" data-widget_type=\"heading.default\">\n\t\t\t\t\t<h5 class=\"elementor-heading-title elementor-size-default\">Bienvenido a Observatorio Minero<\/h5>\t\t\t\t<\/div>\n\t\t\t\t<div class=\"elementor-element elementor-element-9abaa76 elementor-widget elementor-widget-heading\" data-id=\"9abaa76\" data-element_type=\"widget\" data-widget_type=\"heading.default\">\n\t\t\t\t\t<h2 class=\"elementor-heading-title elementor-size-default\">Somos el medio informativo\n\n<\/h2>\t\t\t\t<\/div>\n\t\t\t\t<div class=\"elementor-element elementor-element-7bcd11a1 elementor-widget elementor-widget-text-editor\" data-id=\"7bcd11a1\" data-element_type=\"widget\" data-widget_type=\"text-editor.default\">\n\t\t\t\t\t\t\t\t\t<p>Aqu\u00ed reunimos historias, documentos y aprendizajes para fortalecer v\u00ednculos, facilitar decisiones y proyectar horizontes comunes.<\/p><p>Somos una organizaci\u00f3n comprometida con el trabajo colaborativo, la justicia territorial y la construcci\u00f3n de saberes desde la pr\u00e1ctica.<\/p>\t\t\t\t\t\t\t\t<\/div>\n\t\t\t\t<div class=\"elementor-element elementor-element-41a4a0b5 elementor-widget elementor-widget-text-editor\" data-id=\"41a4a0b5\" data-element_type=\"widget\" data-widget_type=\"text-editor.default\">\n\t\t\t\t\t\t\t\t\t<p><em><span style=\"color: #993300;\"><strong>Leonora D\u00edaz Moreno<\/strong><\/span><br \/><\/em>Presidenta<br \/>Observatorio Minero &#8211; O.N.G.<\/p>\t\t\t\t\t\t\t\t<\/div>\n\t\t\t\t\t<\/div>\n\t\t<\/div>\n\t\t\t\t\t<\/div>\n\t\t<\/section>\n\t\t\t\t\t<\/div>\n\t\t<\/div>\n\t\t\t\t\t<\/div>\n\t\t<\/section>\n\t\t\t\t<section class=\"elementor-section elementor-top-section elementor-element elementor-element-661e4c4a elementor-section-boxed elementor-section-height-default elementor-section-height-default\" data-id=\"661e4c4a\" data-element_type=\"section\" data-settings=\"{&quot;background_background&quot;:&quot;classic&quot;}\">\n\t\t\t\t\t\t<div class=\"elementor-container elementor-column-gap-default\">\n\t\t\t\t\t<div class=\"elementor-column elementor-col-100 elementor-top-column elementor-element elementor-element-7fd14bc6\" data-id=\"7fd14bc6\" data-element_type=\"column\">\n\t\t\t<div class=\"elementor-widget-wrap elementor-element-populated\">\n\t\t\t\t\t\t<section class=\"elementor-section elementor-inner-section elementor-element elementor-element-1a37524d elementor-section-content-middle elementor-section-boxed elementor-section-height-default elementor-section-height-default\" data-id=\"1a37524d\" data-element_type=\"section\">\n\t\t\t\t\t\t<div class=\"elementor-container elementor-column-gap-no\">\n\t\t\t\t\t<div class=\"elementor-column elementor-col-100 elementor-inner-column elementor-element elementor-element-7882f52a\" data-id=\"7882f52a\" data-element_type=\"column\">\n\t\t\t<div class=\"elementor-widget-wrap elementor-element-populated\">\n\t\t\t\t\t\t<div class=\"elementor-element elementor-element-6a988256 elementor-widget elementor-widget-heading\" data-id=\"6a988256\" data-element_type=\"widget\" data-widget_type=\"heading.default\">\n\t\t\t\t\t<h3 class=\"elementor-heading-title elementor-size-default\">Directorio<\/h3>\t\t\t\t<\/div>\n\t\t\t\t<div class=\"elementor-element elementor-element-2ae72a3c elementor-widget elementor-widget-text-editor\" data-id=\"2ae72a3c\" data-element_type=\"widget\" data-widget_type=\"text-editor.default\">\n\t\t\t\t\t\t\t\t\t<p>Este espacio digital es una herramienta para acompa\u00f1ar a equipos y comunidades en sus procesos, para que la comunicaci\u00f3n fluya con claridad y respeto, y para que la memoria organizacional se cuide, se comparta y se proyecte hacia el futuro.<\/p>\t\t\t\t\t\t\t\t<\/div>\n\t\t\t\t\t<\/div>\n\t\t<\/div>\n\t\t\t\t\t<\/div>\n\t\t<\/section>\n\t\t\t\t<section class=\"elementor-section elementor-inner-section elementor-element elementor-element-13f8e0df elementor-section-content-middle elementor-section-boxed elementor-section-height-default elementor-section-height-default\" data-id=\"13f8e0df\" data-element_type=\"section\">\n\t\t\t\t\t\t<div class=\"elementor-container elementor-column-gap-no\">\n\t\t\t\t\t<div class=\"elementor-column elementor-col-33 elementor-inner-column elementor-element elementor-element-6862a10e\" data-id=\"6862a10e\" data-element_type=\"column\">\n\t\t\t<div class=\"elementor-widget-wrap elementor-element-populated\">\n\t\t\t\t\t\t<div class=\"elementor-element elementor-element-348e9b29 elementor-widget elementor-widget-elementskit-team\" data-id=\"348e9b29\" data-element_type=\"widget\" data-widget_type=\"elementskit-team.default\">\n\t\t\t\t<div class=\"elementor-widget-container\">\n\t\t\t\t\t<div class=\"ekit-wid-con\">\n\t\t\t\t\t\t\t\t\t\t\t\t\t\t\t\t\t\t\t <div class=\"image-card-v2 style-circle\"> \t\t\t\t\t<div class=\"profile-image-card elementor-animation- ekit-team-img ekit-team-style-overlay_circle_hover text-center\">\n\n\t\t\t\t\t\t\t\t\t\t\t\t\t<img decoding=\"async\" width=\"900\" height=\"1600\" src=\"https:\/\/observatoriominero.cl\/wp-content\/uploads\/2026\/03\/Foto-Ricardo-Silva.jpeg\" class=\"attachment-full size-full wp-image-1916\" alt=\"\" srcset=\"https:\/\/observatoriominero.cl\/wp-content\/uploads\/2026\/03\/Foto-Ricardo-Silva.jpeg 900w, https:\/\/observatoriominero.cl\/wp-content\/uploads\/2026\/03\/Foto-Ricardo-Silva-169x300.jpeg 169w, https:\/\/observatoriominero.cl\/wp-content\/uploads\/2026\/03\/Foto-Ricardo-Silva-576x1024.jpeg 576w, https:\/\/observatoriominero.cl\/wp-content\/uploads\/2026\/03\/Foto-Ricardo-Silva-768x1365.jpeg 768w, https:\/\/observatoriominero.cl\/wp-content\/uploads\/2026\/03\/Foto-Ricardo-Silva-864x1536.jpeg 864w\" sizes=\"(max-width: 900px) 100vw, 900px\" \/>\t\t\t\t\t\t\t\t\t\t\t\t<div class=\"hover-area\">\n\t\t\t\t\t\t\t<div class=\"profile-body\">\n\t\t\t\t\t\t\t\t<h2 class=\"profile-title\">\n\t\t\t\t\t\t\t\t\t\t\t\t\t\t\t\t\t<a aria-label=\"profile\" href=\"javascript:void(0)\" data-mfp-src=\"#ekit_team_modal_348e9b29_1655\" class=\"ekit-team-popup\">\n\t\t\t\t\t\t\t\t\tRicardo Silva\t\t\t\t\t\t\t\t\t<\/a>\n\t\t\t\t\t\t\t\t\t\t\t\t\t\t\t\t\t<\/h2>\n\t\t\t\t\t\t\t\t<p class=\"profile-designation\">VicePresidente<\/p>\n\t\t\t\t\t\t\t\t\t\t\t\t\t\t\t<\/div>\n\t\t\t\t\t\t\t\t\t\t\t\t\t<\/div>\n\t\t\t\t\t<\/div>\n\t\t\t\t\t <\/div> \n\t\t\t\t\n\t\t\t\t\t<div class=\"zoom-anim-dialog mfp-hide elementskit-team-popup team-popup-id-348e9b29\" id=\"ekit_team_modal_348e9b29_1655\" tabindex=\"-1\" role=\"dialog\" aria-hidden=\"true\">\n\t\t\t\t<div class=\"modal-dialog modal-dialog-centered\" role=\"document\">\n\t\t\t\t\t<div class=\"modal-content\">\n\t\t\t\t\t\t<button type=\"button\" class=\"ekit-team-modal-close\">\n\t\t\t\t\t\t\t<svg aria-hidden=\"true\" class=\"e-font-icon-svg e-fas-times\" viewBox=\"0 0 352 512\" xmlns=\"http:\/\/www.w3.org\/2000\/svg\"><path d=\"M242.72 256l100.07-100.07c12.28-12.28 12.28-32.19 0-44.48l-22.24-22.24c-12.28-12.28-32.19-12.28-44.48 0L176 189.28 75.93 89.21c-12.28-12.28-32.19-12.28-44.48 0L9.21 111.45c-12.28 12.28-12.28 32.19 0 44.48L109.28 256 9.21 356.07c-12.28 12.28-12.28 32.19 0 44.48l22.24 22.24c12.28 12.28 32.2 12.28 44.48 0L176 322.72l100.07 100.07c12.28 12.28 32.2 12.28 44.48 0l22.24-22.24c12.28-12.28 12.28-32.19 0-44.48L242.72 256z\"><\/path><\/svg>\t\t\t\t\t\t<\/button>\n\n\t\t\t\t\t\t<div class=\"modal-body\">\n\t\t\t\t\t\t\t\t\t\t\t\t\t\t\t<div class=\"ekit-team-modal-img\">\n\t\t\t\t\t\t\t\t\t<img decoding=\"async\" width=\"900\" height=\"1600\" src=\"https:\/\/observatoriominero.cl\/wp-content\/uploads\/2026\/03\/Foto-Ricardo-Silva.jpeg\" class=\"attachment-full size-full wp-image-1916\" alt=\"\" srcset=\"https:\/\/observatoriominero.cl\/wp-content\/uploads\/2026\/03\/Foto-Ricardo-Silva.jpeg 900w, https:\/\/observatoriominero.cl\/wp-content\/uploads\/2026\/03\/Foto-Ricardo-Silva-169x300.jpeg 169w, https:\/\/observatoriominero.cl\/wp-content\/uploads\/2026\/03\/Foto-Ricardo-Silva-576x1024.jpeg 576w, https:\/\/observatoriominero.cl\/wp-content\/uploads\/2026\/03\/Foto-Ricardo-Silva-768x1365.jpeg 768w, https:\/\/observatoriominero.cl\/wp-content\/uploads\/2026\/03\/Foto-Ricardo-Silva-864x1536.jpeg 864w\" sizes=\"(max-width: 900px) 100vw, 900px\" \/>\t\t\t\t\t\t\t\t<\/div>\n\t\t\t\t\t\t\t\n\t\t\t\t\t\t\t<div class=\"ekit-team-modal-info has-img\">\n\t\t\t\t\t\t\t\t<h2 class=\"ekit-team-modal-title\">Ricardo Silva<\/h2>\n\t\t\t\t\t\t\t\t<p class=\"ekit-team-modal-position\">VicePresidente<\/p>\n\n\t\t\t\t\t\t\t\t<div class=\"ekit-team-modal-content\">\n\t\t\t\t\t\t\t\t\tIngeniero Qu\u00edmico e Ingeniero Civil Industrial, con Mag\u00edster en Ciencias de la Ingenier\u00eda (PUCV) y Analista de Sistemas. Cuenta con m\u00e1s de 40 a\u00f1os de experiencia en el sector minero, liderando proyectos y equipos en procesos de calidad y gesti\u00f3n en empresas como ENAMI, CODELCO y CP Chile. Ha sido profesor en programas de pregrado y mag\u00edster, especialmente en gesti\u00f3n ambiental. Hoy ejerce como consultor independiente, asesorando en sistemas de gesti\u00f3n basados en Normas ISO y dictando cursos de capacitaci\u00f3n en gesti\u00f3n de calidad de procesos anal\u00edticos. Su experiencia combina pr\u00e1ctica industrial, liderazgo de equipos y docencia universitaria, consolidando un perfil integral en miner\u00eda, gesti\u00f3n y educaci\u00f3n.\t\t\t\t\t\t\t\t<\/div>\n\n\t\t\t\t\t\t\t\t\n\t\t\t\t\t\t\t\t\t\t\t\t\t\t\t<\/div>\n\t\t\t\t\t\t<\/div>\n\t\t\t\t\t<\/div>\n\t\t\t\t<\/div>\n\t\t\t<\/div>\n\t\t\t\t<\/div>\t\t\t\t<\/div>\n\t\t\t\t<\/div>\n\t\t\t\t\t<\/div>\n\t\t<\/div>\n\t\t\t\t<div class=\"elementor-column elementor-col-33 elementor-inner-column elementor-element elementor-element-459281e6\" data-id=\"459281e6\" data-element_type=\"column\">\n\t\t\t<div class=\"elementor-widget-wrap elementor-element-populated\">\n\t\t\t\t\t\t<div class=\"elementor-element elementor-element-761c37e2 elementor-widget elementor-widget-elementskit-team\" data-id=\"761c37e2\" data-element_type=\"widget\" data-widget_type=\"elementskit-team.default\">\n\t\t\t\t<div class=\"elementor-widget-container\">\n\t\t\t\t\t<div class=\"ekit-wid-con\">\n\t\t\t\t\t\t\t\t\t\t\t <div class=\"small-gutters image-card-v3\"> \t\t\t\t\t\t\t\t\t\t\t\t\t<div class=\"profile-image-card elementor-animation- ekit-team-img ekit-team-style-long_height_hover text-center\">\n\n\t\t\t\t\t\t\t\t\t\t\t\t\t<img decoding=\"async\" width=\"677\" height=\"1125\" src=\"https:\/\/observatoriominero.cl\/wp-content\/uploads\/2026\/03\/260313-Foto-LDM.jpg\" class=\"attachment-full size-full wp-image-1923\" alt=\"\" srcset=\"https:\/\/observatoriominero.cl\/wp-content\/uploads\/2026\/03\/260313-Foto-LDM.jpg 677w, https:\/\/observatoriominero.cl\/wp-content\/uploads\/2026\/03\/260313-Foto-LDM-181x300.jpg 181w, https:\/\/observatoriominero.cl\/wp-content\/uploads\/2026\/03\/260313-Foto-LDM-616x1024.jpg 616w\" sizes=\"(max-width: 677px) 100vw, 677px\" \/>\t\t\t\t\t\t\t\t\t\t\t\t<div class=\"hover-area\">\n\t\t\t\t\t\t\t<div class=\"profile-body\">\n\t\t\t\t\t\t\t\t<h2 class=\"profile-title\">\n\t\t\t\t\t\t\t\t\t\t\t\t\t\t\t\t\t<a aria-label=\"profile\" href=\"javascript:void(0)\" data-mfp-src=\"#ekit_team_modal_761c37e2_1655\" class=\"ekit-team-popup\">\n\t\t\t\t\t\t\t\t\tLeonora D\u00edaz\t\t\t\t\t\t\t\t\t<\/a>\n\t\t\t\t\t\t\t\t\t\t\t\t\t\t\t\t\t<\/h2>\n\t\t\t\t\t\t\t\t<p class=\"profile-designation\">Presidenta<\/p>\n\t\t\t\t\t\t\t\t\t\t\t\t\t\t\t<\/div>\n\t\t\t\t\t\t\t\t\t\t\t\t\t<\/div>\n\t\t\t\t\t<\/div>\n\t\t\t\t\t <\/div> \n\t\t\t\t\n\t\t\t\t\t<div class=\"zoom-anim-dialog mfp-hide elementskit-team-popup team-popup-id-761c37e2\" id=\"ekit_team_modal_761c37e2_1655\" tabindex=\"-1\" role=\"dialog\" aria-hidden=\"true\">\n\t\t\t\t<div class=\"modal-dialog modal-dialog-centered\" role=\"document\">\n\t\t\t\t\t<div class=\"modal-content\">\n\t\t\t\t\t\t<button type=\"button\" class=\"ekit-team-modal-close\">\n\t\t\t\t\t\t\t<svg aria-hidden=\"true\" class=\"e-font-icon-svg e-fas-times\" viewBox=\"0 0 352 512\" xmlns=\"http:\/\/www.w3.org\/2000\/svg\"><path d=\"M242.72 256l100.07-100.07c12.28-12.28 12.28-32.19 0-44.48l-22.24-22.24c-12.28-12.28-32.19-12.28-44.48 0L176 189.28 75.93 89.21c-12.28-12.28-32.19-12.28-44.48 0L9.21 111.45c-12.28 12.28-12.28 32.19 0 44.48L109.28 256 9.21 356.07c-12.28 12.28-12.28 32.19 0 44.48l22.24 22.24c12.28 12.28 32.2 12.28 44.48 0L176 322.72l100.07 100.07c12.28 12.28 32.2 12.28 44.48 0l22.24-22.24c12.28-12.28 12.28-32.19 0-44.48L242.72 256z\"><\/path><\/svg>\t\t\t\t\t\t<\/button>\n\n\t\t\t\t\t\t<div class=\"modal-body\">\n\t\t\t\t\t\t\t\t\t\t\t\t\t\t\t<div class=\"ekit-team-modal-img\">\n\t\t\t\t\t\t\t\t\t<img decoding=\"async\" width=\"677\" height=\"1125\" src=\"https:\/\/observatoriominero.cl\/wp-content\/uploads\/2026\/03\/260313-Foto-LDM.jpg\" class=\"attachment-full size-full wp-image-1923\" alt=\"\" srcset=\"https:\/\/observatoriominero.cl\/wp-content\/uploads\/2026\/03\/260313-Foto-LDM.jpg 677w, https:\/\/observatoriominero.cl\/wp-content\/uploads\/2026\/03\/260313-Foto-LDM-181x300.jpg 181w, https:\/\/observatoriominero.cl\/wp-content\/uploads\/2026\/03\/260313-Foto-LDM-616x1024.jpg 616w\" sizes=\"(max-width: 677px) 100vw, 677px\" \/>\t\t\t\t\t\t\t\t<\/div>\n\t\t\t\t\t\t\t\n\t\t\t\t\t\t\t<div class=\"ekit-team-modal-info has-img\">\n\t\t\t\t\t\t\t\t<h2 class=\"ekit-team-modal-title\">Leonora D\u00edaz<\/h2>\n\t\t\t\t\t\t\t\t<p class=\"ekit-team-modal-position\">Presidenta<\/p>\n\n\t\t\t\t\t\t\t\t<div class=\"ekit-team-modal-content\">\n\t\t\t\t\t\t\t\t\tDoctora en Ciencias de la Educaci\u00f3n (PUC) y Profesora de Matem\u00e1ticas y Computaci\u00f3n (USACH). Con m\u00e1s de cuatro d\u00e9cadas de trayectoria acad\u00e9mica en universidades chilenas y latinoamericanas, ha liderado proyectos de investigaci\u00f3n sobre modelaci\u00f3n, pensamiento variacional y formaci\u00f3n docente. Autora de publicaciones en revistas indizadas y libros de referencia en educaci\u00f3n matem\u00e1tica, ha dirigido numerosas tesis de pregrado, mag\u00edster y doctorado. Es socia fundadora de la Sociedad Chilena de Educaci\u00f3n Matem\u00e1tica y del Comit\u00e9 Latinoamericano de Matem\u00e1tica Educativa. Reconocida con el Premio a la Mejor Graduada de la Facultad de Educaci\u00f3n (PUC, a\u00f1o 1999) combina docencia, investigaci\u00f3n y asesor\u00eda en innovaci\u00f3n educativa. \t\t\t\t\t\t\t\t<\/div>\n\n\t\t\t\t\t\t\t\t\n\t\t\t\t\t\t\t\t\t\t\t\t\t\t\t<\/div>\n\t\t\t\t\t\t<\/div>\n\t\t\t\t\t<\/div>\n\t\t\t\t<\/div>\n\t\t\t<\/div>\n\t\t\t\t<\/div>\t\t\t\t<\/div>\n\t\t\t\t<\/div>\n\t\t\t\t\t<\/div>\n\t\t<\/div>\n\t\t\t\t<div class=\"elementor-column elementor-col-33 elementor-inner-column elementor-element elementor-element-4275c488\" data-id=\"4275c488\" data-element_type=\"column\">\n\t\t\t<div class=\"elementor-widget-wrap elementor-element-populated\">\n\t\t\t\t\t\t<div class=\"elementor-element elementor-element-6ea54286 elementor-widget elementor-widget-elementskit-team\" data-id=\"6ea54286\" data-element_type=\"widget\" data-widget_type=\"elementskit-team.default\">\n\t\t\t\t<div class=\"elementor-widget-container\">\n\t\t\t\t\t<div class=\"ekit-wid-con\">\n\t\t\t\t\t\t\t\t\t\t\t\t\t\t\t\t\t\t\t <div class=\"image-card-v2 style-circle\"> \t\t\t\t\t<div class=\"profile-image-card elementor-animation- ekit-team-img ekit-team-style-overlay_circle_hover text-center\">\n\n\t\t\t\t\t\t\t\t\t\t\t\t\t<img loading=\"lazy\" decoding=\"async\" width=\"959\" height=\"1280\" src=\"https:\/\/observatoriominero.cl\/wp-content\/uploads\/2026\/03\/Foto-Guillermo-Uribe.jpeg\" class=\"attachment-full size-full wp-image-1927\" alt=\"\" srcset=\"https:\/\/observatoriominero.cl\/wp-content\/uploads\/2026\/03\/Foto-Guillermo-Uribe.jpeg 959w, https:\/\/observatoriominero.cl\/wp-content\/uploads\/2026\/03\/Foto-Guillermo-Uribe-225x300.jpeg 225w, https:\/\/observatoriominero.cl\/wp-content\/uploads\/2026\/03\/Foto-Guillermo-Uribe-767x1024.jpeg 767w, https:\/\/observatoriominero.cl\/wp-content\/uploads\/2026\/03\/Foto-Guillermo-Uribe-768x1025.jpeg 768w\" sizes=\"(max-width: 959px) 100vw, 959px\" \/>\t\t\t\t\t\t\t\t\t\t\t\t<div class=\"hover-area\">\n\t\t\t\t\t\t\t<div class=\"profile-body\">\n\t\t\t\t\t\t\t\t<h2 class=\"profile-title\">\n\t\t\t\t\t\t\t\t\t\t\t\t\t\t\t\t\t<a aria-label=\"profile\" href=\"javascript:void(0)\" data-mfp-src=\"#ekit_team_modal_6ea54286_1655\" class=\"ekit-team-popup\">\n\t\t\t\t\t\t\t\t\tGuillermo Uribe\t\t\t\t\t\t\t\t\t<\/a>\n\t\t\t\t\t\t\t\t\t\t\t\t\t\t\t\t\t<\/h2>\n\t\t\t\t\t\t\t\t<p class=\"profile-designation\">Tesorero<\/p>\n\t\t\t\t\t\t\t\t\t\t\t\t\t\t\t<\/div>\n\t\t\t\t\t\t\t\t\t\t\t\t\t<\/div>\n\t\t\t\t\t<\/div>\n\t\t\t\t\t <\/div> \n\t\t\t\t\n\t\t\t\t\t<div class=\"zoom-anim-dialog mfp-hide elementskit-team-popup team-popup-id-6ea54286\" id=\"ekit_team_modal_6ea54286_1655\" tabindex=\"-1\" role=\"dialog\" aria-hidden=\"true\">\n\t\t\t\t<div class=\"modal-dialog modal-dialog-centered\" role=\"document\">\n\t\t\t\t\t<div class=\"modal-content\">\n\t\t\t\t\t\t<button type=\"button\" class=\"ekit-team-modal-close\">\n\t\t\t\t\t\t\t<svg aria-hidden=\"true\" class=\"e-font-icon-svg e-fas-times\" viewBox=\"0 0 352 512\" xmlns=\"http:\/\/www.w3.org\/2000\/svg\"><path d=\"M242.72 256l100.07-100.07c12.28-12.28 12.28-32.19 0-44.48l-22.24-22.24c-12.28-12.28-32.19-12.28-44.48 0L176 189.28 75.93 89.21c-12.28-12.28-32.19-12.28-44.48 0L9.21 111.45c-12.28 12.28-12.28 32.19 0 44.48L109.28 256 9.21 356.07c-12.28 12.28-12.28 32.19 0 44.48l22.24 22.24c12.28 12.28 32.2 12.28 44.48 0L176 322.72l100.07 100.07c12.28 12.28 32.2 12.28 44.48 0l22.24-22.24c12.28-12.28 12.28-32.19 0-44.48L242.72 256z\"><\/path><\/svg>\t\t\t\t\t\t<\/button>\n\n\t\t\t\t\t\t<div class=\"modal-body\">\n\t\t\t\t\t\t\t\t\t\t\t\t\t\t\t<div class=\"ekit-team-modal-img\">\n\t\t\t\t\t\t\t\t\t<img loading=\"lazy\" decoding=\"async\" width=\"959\" height=\"1280\" src=\"https:\/\/observatoriominero.cl\/wp-content\/uploads\/2026\/03\/Foto-Guillermo-Uribe.jpeg\" class=\"attachment-full size-full wp-image-1927\" alt=\"\" srcset=\"https:\/\/observatoriominero.cl\/wp-content\/uploads\/2026\/03\/Foto-Guillermo-Uribe.jpeg 959w, https:\/\/observatoriominero.cl\/wp-content\/uploads\/2026\/03\/Foto-Guillermo-Uribe-225x300.jpeg 225w, https:\/\/observatoriominero.cl\/wp-content\/uploads\/2026\/03\/Foto-Guillermo-Uribe-767x1024.jpeg 767w, https:\/\/observatoriominero.cl\/wp-content\/uploads\/2026\/03\/Foto-Guillermo-Uribe-768x1025.jpeg 768w\" sizes=\"(max-width: 959px) 100vw, 959px\" \/>\t\t\t\t\t\t\t\t<\/div>\n\t\t\t\t\t\t\t\n\t\t\t\t\t\t\t<div class=\"ekit-team-modal-info has-img\">\n\t\t\t\t\t\t\t\t<h2 class=\"ekit-team-modal-title\">Guillermo Uribe<\/h2>\n\t\t\t\t\t\t\t\t<p class=\"ekit-team-modal-position\">Tesorero<\/p>\n\n\t\t\t\t\t\t\t\t<div class=\"ekit-team-modal-content\">\n\t\t\t\t\t\t\t\t\tIngeniero Civil en Minas (U. de Chile) y Master en Econom\u00eda de Minerales (Curtin University, Australia), con m\u00e1s de 23 a\u00f1os de experiencia en el sector minero. Ha liderado proyectos de ingenier\u00eda en empresas como Tetratech, Hatch y Caving NCL Met\u00e1lica, incluyendo transiciones de miner\u00eda a cielo abierto a subterr\u00e1nea para Codelco, BHP, Rio Tinto, Vale y Anglo American. Consultor en innovaci\u00f3n tecnol\u00f3gica para proveedores y energ\u00edas renovables, asesor externo de CORFO, y acad\u00e9mico en programas de miner\u00eda y energ\u00eda en la PUCV. Relator en DUOC E-class y la C\u00e1mara Minera del Per\u00fa, es socio fundador de Istar SPA y miembro del Instituto de Ingenieros de Minas de Chile y del Colegio de Ingenieros de Chile.\t\t\t\t\t\t\t\t<\/div>\n\n\t\t\t\t\t\t\t\t\n\t\t\t\t\t\t\t\t\t\t\t\t\t\t\t<\/div>\n\t\t\t\t\t\t<\/div>\n\t\t\t\t\t<\/div>\n\t\t\t\t<\/div>\n\t\t\t<\/div>\n\t\t\t\t<\/div>\t\t\t\t<\/div>\n\t\t\t\t<\/div>\n\t\t\t\t\t<\/div>\n\t\t<\/div>\n\t\t\t\t\t<\/div>\n\t\t<\/section>\n\t\t\t\t\t<\/div>\n\t\t<\/div>\n\t\t\t\t\t<\/div>\n\t\t<\/section>\n\t\t\t\t<\/div>\n\t\t","protected":false},"excerpt":{"rendered":"<p>Quienes Somos Bienvenidas y bienvenidos a observatoriominero.cl Espacio digital donde la memoria viva se comparte, las decisiones se construyen con sentido y el futuro se proyecta juntos. Bienvenido a Observatorio [&hellip;]<\/p>\n","protected":false},"author":1,"featured_media":0,"parent":0,"menu_order":0,"comment_status":"closed","ping_status":"closed","template":"","meta":{"footnotes":""},"class_list":["post-1655","page","type-page","status-publish","hentry"],"_links":{"self":[{"href":"https:\/\/observatoriominero.cl\/index.php\/wp-json\/wp\/v2\/pages\/1655","targetHints":{"allow":["GET"]}}],"collection":[{"href":"https:\/\/observatoriominero.cl\/index.php\/wp-json\/wp\/v2\/pages"}],"about":[{"href":"https:\/\/observatoriominero.cl\/index.php\/wp-json\/wp\/v2\/types\/page"}],"author":[{"embeddable":true,"href":"https:\/\/observatoriominero.cl\/index.php\/wp-json\/wp\/v2\/users\/1"}],"replies":[{"embeddable":true,"href":"https:\/\/observatoriominero.cl\/index.php\/wp-json\/wp\/v2\/comments?post=1655"}],"version-history":[{"count":64,"href":"https:\/\/observatoriominero.cl\/index.php\/wp-json\/wp\/v2\/pages\/1655\/revisions"}],"predecessor-version":[{"id":2014,"href":"https:\/\/observatoriominero.cl\/index.php\/wp-json\/wp\/v2\/pages\/1655\/revisions\/2014"}],"wp:attachment":[{"href":"https:\/\/observatoriominero.cl\/index.php\/wp-json\/wp\/v2\/media?parent=1655"}],"curies":[{"name":"wp","href":"https:\/\/api.w.org\/{rel}","templated":true}]}}